{"id":136,"date":"2016-12-09T15:58:35","date_gmt":"2016-12-09T14:58:35","guid":{"rendered":"https:\/\/www.chairedelimmateriel.universite-paris-saclay.fr\/?page_id=136\/"},"modified":"2019-05-31T08:44:59","modified_gmt":"2019-05-31T06:44:59","slug":"intro","status":"publish","type":"page","link":"https:\/\/www.chairedelimmateriel.universite-paris-saclay.fr\/en\/","title":{"rendered":"Homepage"},"content":{"rendered":"<p><img loading=\"lazy\" decoding=\"async\" class=\"wp-image-2801 alignright\" src=\"https:\/\/www.chairedelimmateriel.universite-paris-saclay.fr\/wp-content\/uploads\/2016\/12\/FNBP_LOGO_3LD_RVB-450x158.png\" alt=\"\" width=\"202\" height=\"71\" srcset=\"https:\/\/www.chairedelimmateriel.universite-paris-saclay.fr\/wp-content\/uploads\/2016\/12\/FNBP_LOGO_3LD_RVB-450x158.png 450w, https:\/\/www.chairedelimmateriel.universite-paris-saclay.fr\/wp-content\/uploads\/2016\/12\/FNBP_LOGO_3LD_RVB-220x77.png 220w, https:\/\/www.chairedelimmateriel.universite-paris-saclay.fr\/wp-content\/uploads\/2016\/12\/FNBP_LOGO_3LD_RVB-768x269.png 768w, https:\/\/www.chairedelimmateriel.universite-paris-saclay.fr\/wp-content\/uploads\/2016\/12\/FNBP_LOGO_3LD_RVB-1024x359.png 1024w, https:\/\/www.chairedelimmateriel.universite-paris-saclay.fr\/wp-content\/uploads\/2016\/12\/FNBP_LOGO_3LD_RVB-300x105.png 300w\" sizes=\"auto, (max-width: 202px) 100vw, 202px\" \/><img loading=\"lazy\" decoding=\"async\" class=\"alignright\" src=\"https:\/\/www.chairedelimmateriel.universite-paris-saclay.fr\/wp-content\/uploads\/2016\/12\/logo-caissedesdepots.jpg\" width=\"65\" height=\"64\" \/><\/p>\n<p>The European Chair on Intangibles is entering a new phase of its development (2019-2022), thanks to the support of its partners: Caisse des D\u00e9p\u00f4ts and the F\u00e9d\u00e9ration Nationale des Banques Populaires.<\/p>\n<p>The Chair develops its programme around three important themes for research and action: <strong>innovation<\/strong> (around intellectual property issues, valuation of innovation assets), <strong>digital<\/strong> (around data valuation, and cybersecurity issues related to intangible assets) and <strong>territories<\/strong> (identification, measurement and management of territorial intangible assets). \u00a0\u00a0For the research component, the Chair is based in particular on the work carried out by its holder, Professor Ahmed Bounfour, within the framework of the RITM laboratory.<\/p>\n<p><a class=\"btn btn-more\" href=\"https:\/\/www.chairedelimmateriel.universite-paris-saclay.fr\/presentation\/\">more information<\/a><\/p>\n<figure id=\"attachment_2799\" class=\"wp-caption alignnone\"><img loading=\"lazy\" decoding=\"async\" class=\"wp-image-2799\" src=\"https:\/\/www.chairedelimmateriel.universite-paris-saclay.fr\/wp-content\/uploads\/2016\/12\/ChairImmateriel.event_010419-24-of-27.modif_-e1554280582259-413x300.jpg\" alt=\"\" width=\"558\" height=\"406\" srcset=\"https:\/\/www.chairedelimmateriel.universite-paris-saclay.fr\/wp-content\/uploads\/2016\/12\/ChairImmateriel.event_010419-24-of-27.modif_-e1554280582259-413x300.jpg 413w, https:\/\/www.chairedelimmateriel.universite-paris-saclay.fr\/wp-content\/uploads\/2016\/12\/ChairImmateriel.event_010419-24-of-27.modif_-e1554280582259-220x160.jpg 220w, https:\/\/www.chairedelimmateriel.universite-paris-saclay.fr\/wp-content\/uploads\/2016\/12\/ChairImmateriel.event_010419-24-of-27.modif_-e1554280582259-768x558.jpg 768w, https:\/\/www.chairedelimmateriel.universite-paris-saclay.fr\/wp-content\/uploads\/2016\/12\/ChairImmateriel.event_010419-24-of-27.modif_-e1554280582259-1024x744.jpg 1024w, https:\/\/www.chairedelimmateriel.universite-paris-saclay.fr\/wp-content\/uploads\/2016\/12\/ChairImmateriel.event_010419-24-of-27.modif_-e1554280582259-300x218.jpg 300w\" sizes=\"auto, (max-width: 558px) 100vw, 558px\" \/><figcaption class=\"wp-caption-text\">Signing of the sponsorship agreement with the FNBP on April 1, 2019 \u00a9 L.Kreiling \/ UPSud<\/figcaption><\/figure>\n<h3>The partners of the Chair<\/h3>\n<p><img loading=\"lazy\" decoding=\"async\" class=\"alignleft\" src=\"https:\/\/www.chairedelimmateriel.universite-paris-saclay.fr\/wp-content\/uploads\/2016\/12\/logo-caissedesdepots.jpg\" width=\"101\" height=\"101\" \/><\/p>\n<p><img loading=\"lazy\" decoding=\"async\" class=\"alignnone wp-image-2801\" src=\"https:\/\/www.chairedelimmateriel.universite-paris-saclay.fr\/wp-content\/uploads\/2016\/12\/FNBP_LOGO_3LD_RVB-450x158.png\" alt=\"\" width=\"308\" height=\"108\" srcset=\"https:\/\/www.chairedelimmateriel.universite-paris-saclay.fr\/wp-content\/uploads\/2016\/12\/FNBP_LOGO_3LD_RVB-450x158.png 450w, https:\/\/www.chairedelimmateriel.universite-paris-saclay.fr\/wp-content\/uploads\/2016\/12\/FNBP_LOGO_3LD_RVB-220x77.png 220w, https:\/\/www.chairedelimmateriel.universite-paris-saclay.fr\/wp-content\/uploads\/2016\/12\/FNBP_LOGO_3LD_RVB-768x269.png 768w, https:\/\/www.chairedelimmateriel.universite-paris-saclay.fr\/wp-content\/uploads\/2016\/12\/FNBP_LOGO_3LD_RVB-1024x359.png 1024w, https:\/\/www.chairedelimmateriel.universite-paris-saclay.fr\/wp-content\/uploads\/2016\/12\/FNBP_LOGO_3LD_RVB-300x105.png 300w\" sizes=\"auto, (max-width: 308px) 100vw, 308px\" \/><\/p>\n<h3>Partners and\/or founding members (2008 &#8211; 2018)<\/h3>\n<ul class=\"partner-list\">\n<li class=\"partner\"><a href=\"http:\/\/www.u-psud.fr\"><img loading=\"lazy\" decoding=\"async\" class=\"alignnone size-full wp-image-19\" src=\"https:\/\/www.chairedelimmateriel.universite-paris-saclay.fr\/wp-content\/uploads\/2016\/12\/logo-upsud.jpg\" alt=\"Logo Universit\u00e9 Paris Sud Paris Saclay\" width=\"127\" height=\"120\" \/><\/a><\/li>\n<li class=\"partner\"><a href=\"http:\/\/www.bouyguestelecom.fr\"><img loading=\"lazy\" decoding=\"async\" class=\"alignnone size-full wp-image-12\" src=\"https:\/\/www.chairedelimmateriel.universite-paris-saclay.fr\/wp-content\/uploads\/2016\/12\/logo-bouygues.jpg\" alt=\"Logo Bouygues Telecom\" width=\"180\" height=\"120\" \/><\/a><\/li>\n<li class=\"partner\"><a href=\"http:\/\/www.inpi.fr\"><img loading=\"lazy\" decoding=\"async\" class=\"alignnone size-full wp-image-17\" src=\"https:\/\/www.chairedelimmateriel.universite-paris-saclay.fr\/wp-content\/uploads\/2016\/12\/logo-inpi.jpg\" alt=\"Logo INPI\" width=\"195\" height=\"120\" \/><\/a><\/li>\n<li class=\"partner\"><a href=\"http:\/\/www.cigref.fr\"><img loading=\"lazy\" decoding=\"async\" class=\"alignnone size-full wp-image-14\" src=\"https:\/\/www.chairedelimmateriel.universite-paris-saclay.fr\/wp-content\/uploads\/2016\/12\/logo-cigref.jpg\" alt=\"Logo Cigref\" width=\"203\" height=\"120\" \/><\/a><\/li>\n<li class=\"partner\"><a href=\"http:\/\/afope.org\"><img loading=\"lazy\" decoding=\"async\" class=\"alignnone size-full wp-image-10\" src=\"https:\/\/www.chairedelimmateriel.universite-paris-saclay.fr\/wp-content\/uploads\/2016\/12\/logo-afope.jpg\" alt=\"Logo Afope\" width=\"120\" height=\"120\" \/><\/a><\/li>\n<li class=\"partner\"><a href=\"http:\/\/www.epo.org\"><img loading=\"lazy\" decoding=\"async\" class=\"alignnone size-full wp-image-16\" src=\"https:\/\/www.chairedelimmateriel.universite-paris-saclay.fr\/wp-content\/uploads\/2016\/12\/logo-epo.jpg\" alt=\"Logo EPO\" width=\"235\" height=\"120\" srcset=\"https:\/\/www.chairedelimmateriel.universite-paris-saclay.fr\/wp-content\/uploads\/2016\/12\/logo-epo.jpg 235w, https:\/\/www.chairedelimmateriel.universite-paris-saclay.fr\/wp-content\/uploads\/2016\/12\/logo-epo-220x112.jpg 220w\" sizes=\"auto, (max-width: 235px) 100vw, 235px\" \/><\/a><\/li>\n<li class=\"partner\"><a href=\"http:\/\/www.airliquide.com\"><img loading=\"lazy\" decoding=\"async\" class=\"alignnone size-full wp-image-11\" src=\"https:\/\/www.chairedelimmateriel.universite-paris-saclay.fr\/wp-content\/uploads\/2016\/12\/logo-airliquide.jpg\" alt=\"Logo Airliquide\" width=\"258\" height=\"120\" srcset=\"https:\/\/www.chairedelimmateriel.universite-paris-saclay.fr\/wp-content\/uploads\/2016\/12\/logo-airliquide.jpg 258w, https:\/\/www.chairedelimmateriel.universite-paris-saclay.fr\/wp-content\/uploads\/2016\/12\/logo-airliquide-220x102.jpg 220w\" sizes=\"auto, (max-width: 258px) 100vw, 258px\" \/><\/a><\/li>\n<li class=\"partner\"><a href=\"http:\/\/www.caissedesdepots.fr\"><img loading=\"lazy\" decoding=\"async\" class=\"alignnone size-full wp-image-13\" src=\"https:\/\/www.chairedelimmateriel.universite-paris-saclay.fr\/wp-content\/uploads\/2016\/12\/logo-caissedesdepots.jpg\" alt=\"Logo Caisse des d\u00e9p\u00f4ts\" width=\"120\" height=\"120\" \/><\/a><\/li>\n<li class=\"partner\"><a href=\"http:\/\/www.fondation.eads.net\"><img loading=\"lazy\" decoding=\"async\" class=\"alignnone size-full wp-image-15\" src=\"https:\/\/www.chairedelimmateriel.universite-paris-saclay.fr\/wp-content\/uploads\/2016\/12\/logo-eads.jpg\" alt=\"Logo Fondation d'entreprise EADS\" width=\"98\" height=\"120\" \/><\/a><\/li>\n<li class=\"partner\"><a href=\"http:\/\/www.mousquetaires.com\"><img loading=\"lazy\" decoding=\"async\" class=\"alignnone size-full wp-image-18\" src=\"https:\/\/www.chairedelimmateriel.universite-paris-saclay.fr\/wp-content\/uploads\/2016\/12\/logo-mousquetaires.png\" alt=\"Logo Les Mousquetaires\" width=\"170\" height=\"120\" \/><\/a><\/li>\n<\/ul>\n<div class=\"shariff\" data-title=\"Homepage\" data-info-url=\"\" data-backend-url=\"https:\/\/www.chairedelimmateriel.universite-paris-saclay.fr\/wp-content\/plugins\/shariff-sharing\/backend\/index.php\" data-temp=\"\/tmp\" data-ttl=\"60\" data-service=\"tl\" data-services='[\"facebook\",\"twitter\",\"linkedin\"]' data-image=\"https:\/\/www.chairedelimmateriel.universite-paris-saclay.fr\/wp-content\/uploads\/2016\/12\/FNBP_LOGO_3LD_RVB-450x158.png\" data-url=\"https:\/\/www.chairedelimmateriel.universite-paris-saclay.fr\/en\/\" data-lang=\"en\" data-theme=\"color\" data-orientation=\"horizontal\"><\/div>","protected":false},"excerpt":{"rendered":"<p>The European Chair on Intangibles is entering a new phase of its development (2019-2022), thanks to the support of its partners: Caisse des D\u00e9p\u00f4ts and the F\u00e9d\u00e9ration Nationale des Banques Populaires. The Chair develops its programme around three important themes&nbsp;<small>(&#8230;)<\/small><\/p>\n","protected":false},"author":1,"featured_media":0,"parent":0,"menu_order":0,"comment_status":"closed","ping_status":"closed","template":"","meta":{"_monsterinsights_skip_tracking":false,"footnotes":""},"class_list":["post-136","page","type-page","status-publish","hentry"],"yoast_head":"<!-- This site is optimized with the Yoast SEO plugin v28.4 - https:\/\/yoast.com\/product\/yoast-seo-wordpress\/ -->\n<title>Homepage - Chaire Europ\u00e9enne de l\u2019Immat\u00e9riel<\/title>\n<meta name=\"robots\" content=\"index, follow, max-snippet:-1, max-image-preview:large, max-video-preview:-1\" \/>\n<link rel=\"canonical\" href=\"https:\/\/www.chairedelimmateriel.universite-paris-saclay.fr\/en\/\" \/>\n<meta property=\"og:locale\" content=\"en_US\" \/>\n<meta property=\"og:type\" content=\"article\" \/>\n<meta property=\"og:title\" content=\"Homepage - Chaire Europ\u00e9enne de l\u2019Immat\u00e9riel\" \/>\n<meta property=\"og:description\" content=\"The European Chair on Intangibles is entering a new phase of its development (2019-2022), thanks to the support of its partners: Caisse des D\u00e9p\u00f4ts and the F\u00e9d\u00e9ration Nationale des Banques Populaires. The Chair develops its programme around three important themes&nbsp;(...)\" \/>\n<meta property=\"og:url\" content=\"https:\/\/www.chairedelimmateriel.universite-paris-saclay.fr\/en\/\" \/>\n<meta property=\"og:site_name\" content=\"Chaire Europ\u00e9enne de l\u2019Immat\u00e9riel\" \/>\n<meta property=\"article:modified_time\" content=\"2019-05-31T06:44:59+00:00\" \/>\n<meta property=\"og:image\" content=\"https:\/\/www.chairedelimmateriel.universite-paris-saclay.fr\/wp-content\/uploads\/2016\/12\/FNBP_LOGO_3LD_RVB-450x158.png\" \/>\n<meta name=\"twitter:card\" content=\"summary_large_image\" \/>\n<meta name=\"twitter:label1\" content=\"Est. reading time\" \/>\n\t<meta name=\"twitter:data1\" content=\"1 minute\" \/>\n<script type=\"application\/ld+json\" class=\"yoast-schema-graph\">{\"@context\":\"https:\\\/\\\/schema.org\",\"@graph\":[{\"@type\":\"WebPage\",\"@id\":\"https:\\\/\\\/www.chairedelimmateriel.universite-paris-saclay.fr\\\/en\\\/\",\"url\":\"https:\\\/\\\/www.chairedelimmateriel.universite-paris-saclay.fr\\\/en\\\/\",\"name\":\"Homepage - Chaire Europ\u00e9enne de l\u2019Immat\u00e9riel\",\"isPartOf\":{\"@id\":\"https:\\\/\\\/www.chairedelimmateriel.universite-paris-saclay.fr\\\/#website\"},\"primaryImageOfPage\":{\"@id\":\"https:\\\/\\\/www.chairedelimmateriel.universite-paris-saclay.fr\\\/en\\\/#primaryimage\"},\"image\":{\"@id\":\"https:\\\/\\\/www.chairedelimmateriel.universite-paris-saclay.fr\\\/en\\\/#primaryimage\"},\"thumbnailUrl\":\"https:\\\/\\\/www.chairedelimmateriel.universite-paris-saclay.fr\\\/wp-content\\\/uploads\\\/2016\\\/12\\\/FNBP_LOGO_3LD_RVB-450x158.png\",\"datePublished\":\"2016-12-09T14:58:35+00:00\",\"dateModified\":\"2019-05-31T06:44:59+00:00\",\"breadcrumb\":{\"@id\":\"https:\\\/\\\/www.chairedelimmateriel.universite-paris-saclay.fr\\\/en\\\/#breadcrumb\"},\"inLanguage\":\"en-US\",\"potentialAction\":[{\"@type\":\"ReadAction\",\"target\":[\"https:\\\/\\\/www.chairedelimmateriel.universite-paris-saclay.fr\\\/en\\\/\"]}]},{\"@type\":\"ImageObject\",\"inLanguage\":\"en-US\",\"@id\":\"https:\\\/\\\/www.chairedelimmateriel.universite-paris-saclay.fr\\\/en\\\/#primaryimage\",\"url\":\"https:\\\/\\\/www.chairedelimmateriel.universite-paris-saclay.fr\\\/wp-content\\\/uploads\\\/2016\\\/12\\\/FNBP_LOGO_3LD_RVB-450x158.png\",\"contentUrl\":\"https:\\\/\\\/www.chairedelimmateriel.universite-paris-saclay.fr\\\/wp-content\\\/uploads\\\/2016\\\/12\\\/FNBP_LOGO_3LD_RVB-450x158.png\"},{\"@type\":\"BreadcrumbList\",\"@id\":\"https:\\\/\\\/www.chairedelimmateriel.universite-paris-saclay.fr\\\/en\\\/#breadcrumb\",\"itemListElement\":[{\"@type\":\"ListItem\",\"position\":1,\"name\":\"Home\",\"item\":\"https:\\\/\\\/www.chairedelimmateriel.universite-paris-saclay.fr\\\/en\\\/\"},{\"@type\":\"ListItem\",\"position\":2,\"name\":\"Homepage\"}]},{\"@type\":\"WebSite\",\"@id\":\"https:\\\/\\\/www.chairedelimmateriel.universite-paris-saclay.fr\\\/#website\",\"url\":\"https:\\\/\\\/www.chairedelimmateriel.universite-paris-saclay.fr\\\/\",\"name\":\"Chaire Europ\u00e9enne de l\u2019Immat\u00e9riel\",\"description\":\"\",\"potentialAction\":[{\"@type\":\"SearchAction\",\"target\":{\"@type\":\"EntryPoint\",\"urlTemplate\":\"https:\\\/\\\/www.chairedelimmateriel.universite-paris-saclay.fr\\\/?s={search_term_string}\"},\"query-input\":{\"@type\":\"PropertyValueSpecification\",\"valueRequired\":true,\"valueName\":\"search_term_string\"}}],\"inLanguage\":\"en-US\"}]}<\/script>\n<!-- \/ Yoast SEO plugin. -->","yoast_head_json":{"title":"Homepage - Chaire Europ\u00e9enne de l\u2019Immat\u00e9riel","robots":{"index":"index","follow":"follow","max-snippet":"max-snippet:-1","max-image-preview":"max-image-preview:large","max-video-preview":"max-video-preview:-1"},"canonical":"https:\/\/www.chairedelimmateriel.universite-paris-saclay.fr\/en\/","og_locale":"en_US","og_type":"article","og_title":"Homepage - Chaire Europ\u00e9enne de l\u2019Immat\u00e9riel","og_description":"The European Chair on Intangibles is entering a new phase of its development (2019-2022), thanks to the support of its partners: Caisse des D\u00e9p\u00f4ts and the F\u00e9d\u00e9ration Nationale des Banques Populaires. The Chair develops its programme around three important themes&nbsp;(...)","og_url":"https:\/\/www.chairedelimmateriel.universite-paris-saclay.fr\/en\/","og_site_name":"Chaire Europ\u00e9enne de l\u2019Immat\u00e9riel","article_modified_time":"2019-05-31T06:44:59+00:00","og_image":[{"url":"https:\/\/www.chairedelimmateriel.universite-paris-saclay.fr\/wp-content\/uploads\/2016\/12\/FNBP_LOGO_3LD_RVB-450x158.png","type":"","width":"","height":""}],"twitter_card":"summary_large_image","twitter_misc":{"Est. reading time":"1 minute"},"schema":{"@context":"https:\/\/schema.org","@graph":[{"@type":"WebPage","@id":"https:\/\/www.chairedelimmateriel.universite-paris-saclay.fr\/en\/","url":"https:\/\/www.chairedelimmateriel.universite-paris-saclay.fr\/en\/","name":"Homepage - Chaire Europ\u00e9enne de l\u2019Immat\u00e9riel","isPartOf":{"@id":"https:\/\/www.chairedelimmateriel.universite-paris-saclay.fr\/#website"},"primaryImageOfPage":{"@id":"https:\/\/www.chairedelimmateriel.universite-paris-saclay.fr\/en\/#primaryimage"},"image":{"@id":"https:\/\/www.chairedelimmateriel.universite-paris-saclay.fr\/en\/#primaryimage"},"thumbnailUrl":"https:\/\/www.chairedelimmateriel.universite-paris-saclay.fr\/wp-content\/uploads\/2016\/12\/FNBP_LOGO_3LD_RVB-450x158.png","datePublished":"2016-12-09T14:58:35+00:00","dateModified":"2019-05-31T06:44:59+00:00","breadcrumb":{"@id":"https:\/\/www.chairedelimmateriel.universite-paris-saclay.fr\/en\/#breadcrumb"},"inLanguage":"en-US","potentialAction":[{"@type":"ReadAction","target":["https:\/\/www.chairedelimmateriel.universite-paris-saclay.fr\/en\/"]}]},{"@type":"ImageObject","inLanguage":"en-US","@id":"https:\/\/www.chairedelimmateriel.universite-paris-saclay.fr\/en\/#primaryimage","url":"https:\/\/www.chairedelimmateriel.universite-paris-saclay.fr\/wp-content\/uploads\/2016\/12\/FNBP_LOGO_3LD_RVB-450x158.png","contentUrl":"https:\/\/www.chairedelimmateriel.universite-paris-saclay.fr\/wp-content\/uploads\/2016\/12\/FNBP_LOGO_3LD_RVB-450x158.png"},{"@type":"BreadcrumbList","@id":"https:\/\/www.chairedelimmateriel.universite-paris-saclay.fr\/en\/#breadcrumb","itemListElement":[{"@type":"ListItem","position":1,"name":"Home","item":"https:\/\/www.chairedelimmateriel.universite-paris-saclay.fr\/en\/"},{"@type":"ListItem","position":2,"name":"Homepage"}]},{"@type":"WebSite","@id":"https:\/\/www.chairedelimmateriel.universite-paris-saclay.fr\/#website","url":"https:\/\/www.chairedelimmateriel.universite-paris-saclay.fr\/","name":"Chaire Europ\u00e9enne de l\u2019Immat\u00e9riel","description":"","potentialAction":[{"@type":"SearchAction","target":{"@type":"EntryPoint","urlTemplate":"https:\/\/www.chairedelimmateriel.universite-paris-saclay.fr\/?s={search_term_string}"},"query-input":{"@type":"PropertyValueSpecification","valueRequired":true,"valueName":"search_term_string"}}],"inLanguage":"en-US"}]}},"_links":{"self":[{"href":"https:\/\/www.chairedelimmateriel.universite-paris-saclay.fr\/en\/wp-json\/wp\/v2\/pages\/136","targetHints":{"allow":["GET"]}}],"collection":[{"href":"https:\/\/www.chairedelimmateriel.universite-paris-saclay.fr\/en\/wp-json\/wp\/v2\/pages"}],"about":[{"href":"https:\/\/www.chairedelimmateriel.universite-paris-saclay.fr\/en\/wp-json\/wp\/v2\/types\/page"}],"author":[{"embeddable":true,"href":"https:\/\/www.chairedelimmateriel.universite-paris-saclay.fr\/en\/wp-json\/wp\/v2\/users\/1"}],"replies":[{"embeddable":true,"href":"https:\/\/www.chairedelimmateriel.universite-paris-saclay.fr\/en\/wp-json\/wp\/v2\/comments?post=136"}],"version-history":[{"count":9,"href":"https:\/\/www.chairedelimmateriel.universite-paris-saclay.fr\/en\/wp-json\/wp\/v2\/pages\/136\/revisions"}],"predecessor-version":[{"id":2865,"href":"https:\/\/www.chairedelimmateriel.universite-paris-saclay.fr\/en\/wp-json\/wp\/v2\/pages\/136\/revisions\/2865"}],"wp:attachment":[{"href":"https:\/\/www.chairedelimmateriel.universite-paris-saclay.fr\/en\/wp-json\/wp\/v2\/media?parent=136"}],"curies":[{"name":"wp","href":"https:\/\/api.w.org\/{rel}","templated":true}]}}